{"id":1671,"date":"2023-10-24T10:12:12","date_gmt":"2023-10-24T08:12:12","guid":{"rendered":"https:\/\/sepawa.bergauf.dev\/congress\/?page_id=1671"},"modified":"2026-09-02T15:26:06","modified_gmt":"2026-09-02T13:26:06","slug":"festvortrag","status":"publish","type":"page","link":"https:\/\/www.sepawa.com\/congress\/programm\/festvortrag\/","title":{"rendered":"Festvortrag"},"content":{"rendered":"<p>[et_pb_section fb_built=&#8220;1&#8243; _builder_version=&#8220;4.27.4&#8243; _module_preset=&#8220;default&#8220; background_image=&#8220;https:\/\/www.sepawa.com\/congress\/wp-content\/uploads\/sites\/5\/2025\/11\/kh842-067-4-scaled.jpg&#8220; custom_padding=&#8220;200px||200px||true|false&#8220; global_colors_info=&#8220;{}&#8220;][\/et_pb_section][et_pb_section fb_built=&#8220;1&#8243; _builder_version=&#8220;4.22.2&#8243; _module_preset=&#8220;default&#8220; use_background_color_gradient=&#8220;on&#8220; background_color_gradient_stops=&#8220;#ffffff 30%|rgba(255,255,255,0.98) 30%&#8220; background_color_gradient_overlays_image=&#8220;on&#8220; background_enable_image=&#8220;off&#8220; background_position=&#8220;top_center&#8220; background_vertical_offset=&#8220;-100%&#8220; z_index=&#8220;0&#8243; custom_margin=&#8220;||0px||false|false&#8220; custom_padding=&#8220;0px||0px||false|false&#8220; global_colors_info=&#8220;{}&#8220;][et_pb_row _builder_version=&#8220;4.22.2&#8243; _module_preset=&#8220;default&#8220; collapsed=&#8220;off&#8220; global_colors_info=&#8220;{}&#8220;][et_pb_column type=&#8220;4_4&#8243; _builder_version=&#8220;4.22.2&#8243; _module_preset=&#8220;default&#8220; global_colors_info=&#8220;{}&#8220;][dipi_breadcrumbs bc_home_icon=&#8220;off&#8220; bc_separator_icon=&#8220;&#x45;||divi||400&#8243; bc_items_alignment=&#8220;dipi-bc-center&#8220; bc_schema=&#8220;on&#8220; bc_separator_color=&#8220;#213465&#8243; bc_active_item_color=&#8220;RGBA(255,255,255,0)&#8220; _builder_version=&#8220;4.22.2&#8243; _module_preset=&#8220;default&#8220; items_font=&#8220;|||on|||||&#8220; items_text_color=&#8220;#213465&#8243; active_text_color=&#8220;#FFCD02&#8243; global_colors_info=&#8220;{}&#8220;][\/dipi_breadcrumbs][\/et_pb_column][\/et_pb_row][et_pb_row _builder_version=&#8220;4.22.2&#8243; _module_preset=&#8220;default&#8220; custom_margin=&#8220;||||false|false&#8220; custom_padding=&#8220;||||false|false&#8220; global_colors_info=&#8220;{}&#8220;][et_pb_column type=&#8220;4_4&#8243; _builder_version=&#8220;4.22.2&#8243; _module_preset=&#8220;default&#8220; global_colors_info=&#8220;{}&#8220;][et_pb_text _builder_version=&#8220;4.24.2&#8243; _dynamic_attributes=&#8220;text_text_color,header_text_color&#8220; _module_preset=&#8220;default&#8220; text_font=&#8220;|800|||||||&#8220; text_text_color=&#8220;@ET-DC@eyJkeW5hbWljIjp0cnVlLCJjb250ZW50IjoicG9zdF9tZXRhX2tleSIsInNldHRpbmdzIjp7ImJlZm9yZSI6IiIsImFmdGVyIjoiIiwibWV0YV9rZXkiOiJwcmltYXJ5X2NvbG9yIiwiZW5hYmxlX2h0bWwiOiJvZmYifX0=@&#8220; text_font_size=&#8220;60px&#8220; header_font=&#8220;|800||on|||||&#8220; header_text_align=&#8220;center&#8220; header_text_color=&#8220;@ET-DC@eyJkeW5hbWljIjp0cnVlLCJjb250ZW50IjoicG9zdF9tZXRhX2tleSIsInNldHRpbmdzIjp7ImJlZm9yZSI6IiIsImFmdGVyIjoiIiwibWV0YV9rZXkiOiJwcmltYXJ5X2NvbG9yIiwiZW5hYmxlX2h0bWwiOiJvZmYifX0=@&#8220; header_font_size=&#8220;40px&#8220; header_2_font=&#8220;|800|||||||&#8220; header_2_text_align=&#8220;center&#8220; header_2_font_size=&#8220;40px&#8220; text_orientation=&#8220;center&#8220; header_font_size_tablet=&#8220;34px&#8220; header_font_size_phone=&#8220;24px&#8220; header_font_size_last_edited=&#8220;on|phone&#8220; global_colors_info=&#8220;{%22gcid-eb40f8b7-273f-42ac-b131-149b7f355ccc%22:%91%22header_text_color%22%93}&#8220;]<\/p>\n<h1>Festvortrag<\/h1>\n<p>[\/et_pb_text][et_pb_text _builder_version=&#8220;4.24.2&#8243; _module_preset=&#8220;default&#8220; text_text_color=&#8220;#213465&#8243; text_font_size=&#8220;20px&#8220; text_line_height=&#8220;1.4em&#8220; text_orientation=&#8220;center&#8220; text_font_size_tablet=&#8220;18px&#8220; text_font_size_phone=&#8220;18px&#8220; text_font_size_last_edited=&#8220;on|tablet&#8220; global_colors_info=&#8220;{}&#8220;]<\/p>\n<p><span>Jedes Jahr pr\u00e4sentieren wir eine namhafte Pers\u00f6nlichkeit aus Wissenschaft, Gesellschaft, Wirtschaft, Politik oder Sport als Sprecher auf dem SEPAWA CONGRESS. Ob aktuelle Themen oder Dauerbrenner, interessant wird es auf jeden Fall.<\/span><\/p>\n<p>[\/et_pb_text][\/et_pb_column][\/et_pb_row][et_pb_row column_structure=&#8220;3_5,2_5&#8243; use_custom_gutter=&#8220;on&#8220; gutter_width=&#8220;2&#8243; make_equal=&#8220;on&#8220; disabled_on=&#8220;off|off|off&#8220; _builder_version=&#8220;4.27.5&#8243; _module_preset=&#8220;default&#8220; max_width=&#8220;1400px&#8220; custom_margin=&#8220;70px||||false|false&#8220; custom_margin_tablet=&#8220;20px||||false|false&#8220; custom_margin_phone=&#8220;20px||||false|false&#8220; custom_margin_last_edited=&#8220;on|tablet&#8220; custom_padding=&#8220;||0px||false|false&#8220; global_colors_info=&#8220;{}&#8220;][et_pb_column type=&#8220;3_5&#8243; _builder_version=&#8220;4.22.2&#8243; _module_preset=&#8220;default&#8220; global_colors_info=&#8220;{}&#8220;][dipi_text_highlighter text_highlighter_text=&#8220;Matthias Horx&#8220; highlight_shape=&#8220;multiline&#8220; stroke_color=&#8220;gcid-f0ee8329-46ed-43bb-a034-a4b4d0920911&#8243; stroke_width=&#8220;8px&#8220; shape_v_offset=&#8220;10px&#8220; _builder_version=&#8220;4.27.5&#8243; _module_preset=&#8220;default&#8220; highlighted_text_font=&#8220;|700||on|||||&#8220; highlighted_text_text_color=&#8220;gcid-eb40f8b7-273f-42ac-b131-149b7f355ccc&#8220; highlighted_text_font_size=&#8220;40px&#8220; highlighted_text_line_height=&#8220;1.2em&#8220; sufix_text_font=&#8220;|||on|||||&#8220; sufix_text_text_color=&#8220;gcid-eb40f8b7-273f-42ac-b131-149b7f355ccc&#8220; highlighted_text_font_size_tablet=&#8220;34px&#8220; highlighted_text_font_size_phone=&#8220;24px&#8220; highlighted_text_font_size_last_edited=&#8220;on|phone&#8220; sufix_text_font_size_tablet=&#8220;24px&#8220; sufix_text_font_size_phone=&#8220;22px&#8220; sufix_text_font_size_last_edited=&#8220;on|phone&#8220; custom_css_suffix=&#8220;display:block;||margin-top:25px;&#8220; global_colors_info=&#8220;{%22gcid-f0ee8329-46ed-43bb-a034-a4b4d0920911%22:%91%22stroke_color%22%93,%22gcid-eb40f8b7-273f-42ac-b131-149b7f355ccc%22:%91%22highlighted_text_text_color%22,%22sufix_text_text_color%22%93}&#8220;][\/dipi_text_highlighter][et_pb_text _builder_version=&#8220;4.27.5&#8243; _module_preset=&#8220;default&#8220; header_3_font=&#8220;|||on|||||&#8220; header_3_text_color=&#8220;gcid-f0ee8329-46ed-43bb-a034-a4b4d0920911&#8243; header_3_font_size=&#8220;24px&#8220; header_3_line_height=&#8220;1.2em&#8220; custom_margin=&#8220;40px||||false|false&#8220; header_3_font_size_tablet=&#8220;22px&#8220; header_3_font_size_phone=&#8220;20px&#8220; header_3_font_size_last_edited=&#8220;on|phone&#8220; global_colors_info=&#8220;{%22gcid-f0ee8329-46ed-43bb-a034-a4b4d0920911%22:%91%22header_3_text_color%22%93}&#8220;]<\/p>\n<h3><strong>New Future: The Big Changes of our Time<\/strong><\/h3>\n<p>[\/et_pb_text][et_pb_text _builder_version=&#8220;4.27.5&#8243; _module_preset=&#8220;default&#8220; text_font=&#8220;|700|||||||&#8220; text_text_color=&#8220;gcid-eb40f8b7-273f-42ac-b131-149b7f355ccc&#8220; text_font_size=&#8220;20px&#8220; custom_margin=&#8220;20px||||false|false&#8220; text_font_size_tablet=&#8220;18px&#8220; text_font_size_phone=&#8220;18px&#8220; text_font_size_last_edited=&#8220;on|tablet&#8220; global_colors_info=&#8220;{%22gcid-eb40f8b7-273f-42ac-b131-149b7f355ccc%22:%91%22text_text_color%22%93}&#8220;]<\/p>\n<p>Donnerstag, 15. Oktober 2026 von 13:15 \u2013 14:30 Uhr im Raum Auditorium<\/p>\n<p>[\/et_pb_text][et_pb_text disabled_on=&#8220;off|off|off&#8220; _builder_version=&#8220;4.27.7&#8243; _module_preset=&#8220;default&#8220; text_font=&#8220;||||||||&#8220; text_text_color=&#8220;gcid-fd014713-1c06-4341-9cdc-f7bd6b30ea7e&#8220; text_font_size=&#8220;18px&#8220; text_line_height=&#8220;1.4em&#8220; custom_margin=&#8220;20px||20px||false|false&#8220; hover_enabled=&#8220;0&#8243; text_font_size_tablet=&#8220;18px&#8220; text_font_size_phone=&#8220;16px&#8220; text_font_size_last_edited=&#8220;on|phone&#8220; global_colors_info=&#8220;{%22gcid-fd014713-1c06-4341-9cdc-f7bd6b30ea7e%22:%91%22text_text_color%22%93}&#8220; sticky_enabled=&#8220;0&#8243;]<\/p>\n<p><strong>Vom gro\u00dfen Wandel unserer Zeit<\/strong><\/p>\n<p>Befinden wir uns in einer Krise &#8211; oder einem \u00dcbergang? Beides ist zu unterscheiden: Bei Krisen kehrt das \u201cAlte Normal\u201d bald zur\u00fcck. Bei \u00dcberg\u00e4ngen entsteht eine Transformation, die ein anderes Welt-Wissen, ein anderes \u201cChange Engagement\u201d von uns verlangt.<\/p>\n<p>&#8211; Die Wellen des Wandels: Woran erkennen wir, das eine alte Epoche endet, und eine neue \u00c4ra beginnt?<\/p>\n<ul>\n<li>Die neuen Welt (un)ordnungen: Vermutungen \u00fcber die geopolitsche Zukunft.<\/li>\n<li>Next Society: Wie m\u00fcsste eine Gesellschaft, eine Demokratie, in Zukunft funktionieren?<\/li>\n<li>Technologische Versuchungen: Wie weit kann die KI helfen, eine \u201cn\u00e4chste Stabilit\u00e4t\u201d zu erreichen?<\/li>\n<li>Zukunfts-Kompetenz: Wie gehen wir am Besten mit \u00c4ngsten, Hoffnungen, W\u00fcnschen und Visionen um?<\/li>\n<\/ul>\n<p>&nbsp;<\/p>\n<p>[\/et_pb_text][et_pb_button button_url=&#8220;#&#8220; button_text=&#8220;Lebenslauf&#8220; module_id=&#8220;lebenslauf&#8220; _builder_version=&#8220;4.24.2&#8243; _module_preset=&#8220;default&#8220; custom_button=&#8220;on&#8220; button_text_size=&#8220;17px&#8220; button_text_color=&#8220;#FFFFFF&#8220; button_bg_color=&#8220;#213465&#8243; button_border_width=&#8220;3px&#8220; button_border_color=&#8220;#213465&#8243; button_border_radius=&#8220;8px&#8220; button_font=&#8220;|700|||||||&#8220; button_use_icon=&#8220;off&#8220; custom_margin=&#8220;20px||20px||false|false&#8220; custom_padding=&#8220;10px|25px|10px|25px|true|true&#8220; custom_css_main_element=&#8220;text-transform:none !important;&#8220; global_colors_info=&#8220;{}&#8220; custom_css_main_element__hover_enabled=&#8220;on|hover&#8220; custom_css_main_element__hover=&#8220;pointer-events:auto !important;&#8220; button_bg_color__hover=&#8220;#FFCD02&#8243; button_bg_color__hover_enabled=&#8220;on|hover&#8220; button_border_color__hover=&#8220;#FFCD02&#8243; button_border_color__hover_enabled=&#8220;on|hover&#8220;][\/et_pb_button][\/et_pb_column][et_pb_column type=&#8220;2_5&#8243; _builder_version=&#8220;4.22.2&#8243; _module_preset=&#8220;default&#8220; global_colors_info=&#8220;{}&#8220;][et_pb_image src=&#8220;https:\/\/www.sepawa.com\/congress\/wp-content\/uploads\/sites\/5\/2026\/06\/Matthias-Horx-1-scaled.jpg&#8220; alt=&#8220;Waigel-Theo&#8220; title_text=&#8220;Matthias-Horx-1&#8243; align=&#8220;right&#8220; _builder_version=&#8220;4.27.5&#8243; _module_preset=&#8220;default&#8220; max_width_tablet=&#8220;50%&#8220; max_width_phone=&#8220;75%&#8220; max_width_last_edited=&#8220;on|phone&#8220; custom_margin=&#8220;||||false|false&#8220; module_alignment_tablet=&#8220;left&#8220; module_alignment_phone=&#8220;left&#8220; module_alignment_last_edited=&#8220;on|tablet&#8220; global_colors_info=&#8220;{}&#8220;][\/et_pb_image][\/et_pb_column][\/et_pb_row][et_pb_row disabled_on=&#8220;off|off|off&#8220; _builder_version=&#8220;4.27.4&#8243; _module_preset=&#8220;default&#8220; width_tablet=&#8220;100%&#8220; width_phone=&#8220;100%&#8220; width_last_edited=&#8220;on|phone&#8220; custom_margin=&#8220;0px||0px||false|false&#8220; custom_padding=&#8220;0px||0px||false|false&#8220; global_colors_info=&#8220;{}&#8220;][et_pb_column type=&#8220;4_4&#8243; _builder_version=&#8220;4.22.2&#8243; _module_preset=&#8220;default&#8220; global_colors_info=&#8220;{}&#8220;][dipi_balloon selector=&#8220;#lebenslauf&#8220; ballon_placement=&#8220;right&#8220; content_alignment=&#8220;left&#8220; use_balloon_icon=&#8220;on&#8220; balloon_icon=&#8220;&#xf05a;||fa||900&#8243; icon_color=&#8220;#FFFFFF&#8220; use_icon_size=&#8220;on&#8220; icon_size=&#8220;25px&#8220; balloon_title=&#8220;Matthias Horx&#8220; balloon_description=&#8220;<\/p>\n<p>Schon als technikbegeisterter Junge in den 1960 er Jahren interessierte sich Matthias Horx f\u00fcr die Geheimnisse der Zukunft. Nach einer Laufbahn als Journalist und Publizist entwickelte er sich zum einflussreichsten Trend- und Zukunftsforscher des deutschsprachigen Raums. Er ver\u00f6ffentlichte mehr als 20 B\u00fccher und gr\u00fcndete mehrere Zukunftsforschungs-Unternehmen, j\u00fcngst das \u201eFuture Project\u201c, ein Netzwerk f\u00fcr Vordenker. Als \u00fcberzeugter Europ\u00e4er pendelt er zwischen Irland, Frankfurt und Wien, wo er mit seiner Familie das \u201eFuture Evolution House\u201c bewohnt. Mit seiner Frau Oona und den Kindern Tristan und Julian entwickelt er die Zukunftsforschung der n\u00e4chsten Generation.<\/p>\n<p>Matthias Horx steht f\u00fcr eine konstruktive Futurologie, die nicht jeder Angst oder jedem Technologie-Hype hinterherrennt. Er ist Vertreter eines humanistischen Futurismus, der den Menschen \u2013 seine W\u00fcrde, Bed\u00fcrfnisse, Irrt\u00fcmer und Tr\u00e4ume \u2013 in die Prognostik einbezieht. Das Morgen entsteht zun\u00e4chst im Bewusstseinswandel, bevor es sich in der Welt entfaltet.<\/p>\n<p>\u201eZukunft entsteht in jedem Moment, in dem wir die Welt aus der Perspektive des Morgen betrachten \u2013 und unser Geist die Verbindungen zwischen Gegenwart und Zukunft versp\u00fcrt!\u201c<\/p>\n<ul><\/ul>\n<p>&#8220; use_balloon_arrow=&#8220;on&#8220; balloon_z_index=&#8220;99&#8243; balloon_arrow_color=&#8220;gcid-eb40f8b7-273f-42ac-b131-149b7f355ccc&#8220; width=&#8220;650px&#8220; ballon_placement_tablet=&#8220;right&#8220; ballon_placement_phone=&#8220;bottom&#8220; ballon_placement_last_edited=&#8220;on|phone&#8220; width_tablet=&#8220;100%&#8220; width_phone=&#8220;100%&#8220; width_last_edited=&#8220;on|phone&#8220; disabled_on=&#8220;off|off|off&#8220; _builder_version=&#8220;4.27.5&#8243; _module_preset=&#8220;default&#8220; balloon_title_font=&#8220;|700|||||||&#8220; balloon_title_text_color=&#8220;#FFFFFF&#8220; balloon_title_font_size=&#8220;24px&#8220; balloon_description_text_color=&#8220;#FFFFFF&#8220; balloon_description_font_size=&#8220;16px&#8220; balloon_description_line_height=&#8220;1.4em&#8220; background_color=&#8220;gcid-eb40f8b7-273f-42ac-b131-149b7f355ccc&#8220; height_tablet=&#8220;&#8220; height_phone=&#8220;&#8220; height_last_edited=&#8220;on|phone&#8220; balloon_title_font_size_tablet=&#8220;22px&#8220; balloon_title_font_size_phone=&#8220;20px&#8220; balloon_title_font_size_last_edited=&#8220;on|phone&#8220; balloon_description_font_size_tablet=&#8220;16px&#8220; balloon_description_font_size_phone=&#8220;16px&#8220; balloon_description_font_size_last_edited=&#8220;on|phone&#8220; box_shadow_style=&#8220;preset3&#8243; global_colors_info=&#8220;{%22gcid-eb40f8b7-273f-42ac-b131-149b7f355ccc%22:%91%22balloon_arrow_color%22,%22background_color%22%93}&#8220;][\/dipi_balloon][\/et_pb_column][\/et_pb_row][\/et_pb_section][et_pb_section fb_built=&#8220;1&#8243; _builder_version=&#8220;4.22.2&#8243; _module_preset=&#8220;default&#8220; background_color=&#8220;gcid-2123d897-5ce8-4454-b3d4-767a937df1fc&#8220; background_image=&#8220;https:\/\/www.sepawa.com\/congress\/wp-content\/uploads\/sites\/5\/2023\/10\/sepawa-congress_round-circle.svg&#8220; background_size=&#8220;custom&#8220; background_image_width=&#8220;10%&#8220; background_position=&#8220;top_left&#8220; background_horizontal_offset=&#8220;-3%&#8220; global_colors_info=&#8220;{%22gcid-2123d897-5ce8-4454-b3d4-767a937df1fc%22:%91%22background_color%22%93}&#8220;][et_pb_row use_custom_gutter=&#8220;on&#8220; _builder_version=&#8220;4.22.2&#8243; _module_preset=&#8220;default&#8220; max_width=&#8220;1400px&#8220; global_colors_info=&#8220;{}&#8220;][et_pb_column type=&#8220;4_4&#8243; _builder_version=&#8220;4.22.2&#8243; _module_preset=&#8220;default&#8220; global_colors_info=&#8220;{}&#8220;][et_pb_text _builder_version=&#8220;4.24.2&#8243; _module_preset=&#8220;default&#8220; header_2_font=&#8220;|700||on|||||&#8220; header_2_text_align=&#8220;center&#8220; header_2_text_color=&#8220;gcid-eb40f8b7-273f-42ac-b131-149b7f355ccc&#8220; header_2_font_size=&#8220;40px&#8220; header_2_font_size_tablet=&#8220;34px&#8220; header_2_font_size_phone=&#8220;24px&#8220; header_2_font_size_last_edited=&#8220;on|phone&#8220; global_colors_info=&#8220;{%22gcid-eb40f8b7-273f-42ac-b131-149b7f355ccc%22:%91%22header_2_text_color%22%93}&#8220;]<\/p>\n<h2>Themen &amp; Pers\u00f6nlichkeiten<\/h2>\n<p>[\/et_pb_text][et_pb_text _builder_version=&#8220;4.27.4&#8243; _module_preset=&#8220;default&#8220; text_text_color=&#8220;gcid-fd014713-1c06-4341-9cdc-f7bd6b30ea7e&#8220; text_font_size=&#8220;18px&#8220; text_line_height=&#8220;1.4em&#8220; ul_line_height=&#8220;2em&#8220; header_3_text_color=&#8220;gcid-eb40f8b7-273f-42ac-b131-149b7f355ccc&#8220; header_3_font_size=&#8220;30px&#8220; text_font_size_tablet=&#8220;18px&#8220; text_font_size_phone=&#8220;16px&#8220; text_font_size_last_edited=&#8220;on|phone&#8220; header_3_font_size_tablet=&#8220;24px&#8220; header_3_font_size_phone=&#8220;20px&#8220; header_3_font_size_last_edited=&#8220;on|phone&#8220; global_colors_info=&#8220;{%22gcid-eb40f8b7-273f-42ac-b131-149b7f355ccc%22:%91%22header_3_text_color%22%93,%22gcid-fd014713-1c06-4341-9cdc-f7bd6b30ea7e%22:%91%22text_text_color%22%93}&#8220;]<\/p>\n<h3><strong>Festvortrag<\/strong><\/h3>\n<p>Jedes Jahr l\u00e4dt die SEPAWA eine bekannte Pers\u00f6nlichkeit aus Wissenschaft, Gesellschaft, Wirtschaft, Politik oder Sport zu einem Festvortrag ein. Einige Beispiele aus den vergangenen Jahren:<\/p>\n<ul>\n<li><strong>Prof. Dr. Anabel Tern\u00e8s von Hattburg<\/strong> sprach 2025 \u00fcber \u201eDie gr\u00fcne Revolution: Branchenwandel f\u00fcr eine nachhaltige Zukunft\u201c und zeigte, wie Leadership und Self-Leadership Unternehmen und Einzelne bef\u00e4higen, den Wandel aktiv und nachhaltig zu gestalten.<\/li>\n<li>2024 nahm <strong>Prof. Dr. Dr. h.c. Clemens Fuest<\/strong> vom IFO Institut e.V. das Thema \u201eEuropa 2024\/2025: Zwischen Energiekrise und geopolitischen Herausforderungen\u201c zum Anlass, Wege f\u00fcr Politik, Wissenschaft und jeden von uns zu zeigen, wie diesen Herausforderungen begegnet werden kann.<\/li>\n<li><strong>Dr. Theo Waigel<\/strong> sprach 2023 \u00fcber das Thema \u201ePolitik und Wirtschaft in unsteten Zeiten\u201c. Dabei verwies er zwar auf die Probleme in der Welt, hatte jedoch eine Menge Stoff, der Mut macht, wenn jeder einzelne auch seine M\u00f6glichkeiten sieht und nutzt.<\/li>\n<li>Auf dem ersten Nach-Corona Live Kongress im Jahre 2022 inspirierte<span>\u00a0<\/span><strong>Jens Bode<\/strong><span>\u00a0<\/span>als Innologe die Zuh\u00f6rer mit dem Thema: \u201eDer I-Punkt. Mit deinem individuellen Talent, (Trend)Inspiration &amp; Lust zur Innovation\u201c.<b><br \/><\/b><\/li>\n<li>2021 begeisterte uns<span>\u00a0<\/span><strong>Prof. Dr<\/strong>.<span>\u00a0<\/span><strong>Dr. Manfred Spitzer<\/strong>, Neurowissenschaftler und Psychiater, mit einem Vortrag \u00fcber das Gehirn, den Computer und die geistige Leistungsf\u00e4higkeit und was wir in den letzten 20 Jahren dazugelernt haben.<\/li>\n<li>Im Jahre 2020 hielt<span>\u00a0<\/span><strong>Prof. Dr. Dirk Notz<\/strong>, Polar- und Klimaforscher, den Vortrag \u201eDas gro\u00dfe Schmelzen.\u201c In seinem Vortrag beleuchtete er den globalen Klimawandel. Er verkn\u00fcpfte seine eigenen Erfahrungen von seinen zahlreichen Expeditionen mit den wissenschaftlichen Hintergr\u00fcnden des globalen Klimawandels.<\/li>\n<li>2019 referierte Herr<span>\u00a0<\/span><strong>Dr. Richard David Precht<\/strong>, Publizist und Autor, in seinem Vortrag \u00fcber das Thema: \u201eDie digitale Revolution und die Zukunft der Arbeit.\u201c<\/li>\n<li>Im Jahre 2018 hielt Frau\u00a0<strong>Antonia Rados<\/strong>, Auslandskorrespondentin und Journalistin, einen Vortrag mit dem Titel \u201eUmbruch im Nahen Osten \u2013 Folgen f\u00fcr Europa\u201c.<\/li>\n<li><strong>Dr. Ulf Merbold<\/strong><span>\u00a0<\/span>nahm die Teilnehmer 2017 mit auf einen Weltraumflug mit kritischem Blick auf den blauen Planeten Erde. Diese zu erhalten ist f\u00fcr jeden, der die Sch\u00f6nheit der Erde jemals aus dem Weltall betrachten durfte eine Mission.<\/li>\n<li>2016 begeisterte<span>\u00a0<\/span><strong>Dr. Gregor Gysi<span>\u00a0<\/span><\/strong>mit einem Vortrag \u00fcber den weltweiten Konsum, dessen Aufbau, Abbau und Ver\u00e4nderungen.<\/li>\n<\/ul>\n<p>[\/et_pb_text][\/et_pb_column][\/et_pb_row][\/et_pb_section][et_pb_section fb_built=&#8220;1&#8243; _builder_version=&#8220;4.24.2&#8243; _module_preset=&#8220;default&#8220; background_image=&#8220;https:\/\/www.sepawa.com\/congress\/wp-content\/uploads\/sites\/5\/2023\/10\/sepawa-congress_bg.png&#8220; background_size=&#8220;initial&#8220; background_position=&#8220;bottom_center&#8220; background_last_edited=&#8220;on|phone&#8220; background_enable_image_tablet=&#8220;off&#8220; global_colors_info=&#8220;{}&#8220;][et_pb_row _builder_version=&#8220;4.22.2&#8243; _module_preset=&#8220;default&#8220; max_width=&#8220;1400px&#8220; global_colors_info=&#8220;{}&#8220;][et_pb_column type=&#8220;4_4&#8243; _builder_version=&#8220;4.22.2&#8243; _module_preset=&#8220;default&#8220; global_colors_info=&#8220;{}&#8220;][et_pb_text _builder_version=&#8220;4.24.2&#8243; _module_preset=&#8220;default&#8220; header_2_font=&#8220;|700||on|||||&#8220; header_2_text_align=&#8220;center&#8220; header_2_text_color=&#8220;gcid-eb40f8b7-273f-42ac-b131-149b7f355ccc&#8220; header_2_font_size=&#8220;40px&#8220; custom_margin=&#8220;||60px||false|false&#8220; header_2_font_size_tablet=&#8220;34px&#8220; header_2_font_size_phone=&#8220;24px&#8220; header_2_font_size_last_edited=&#8220;on|phone&#8220; global_colors_info=&#8220;{%22gcid-eb40f8b7-273f-42ac-b131-149b7f355ccc%22:%91%22header_2_text_color%22%93}&#8220;]<\/p>\n<h2>Impressionen<\/h2>\n<p>[\/et_pb_text][dipi_masonry_gallery gallery_ids=&#8220;247384,37957,30018,1718,1715,1717,1716,1714,1712&#8243; caption_in_lightbox=&#8220;on&#8220; use_overlay=&#8220;on&#8220; icon_in_overlay=&#8220;off&#8220; caption_in_overlay=&#8220;on&#8220; overlay_bg_color=&#8220;RGBA(255,255,255,0)&#8220; use_thumbnails=&#8220;on&#8220; fix_lazy=&#8220;on&#8220; image_animation=&#8220;zoom-out&#8220; _builder_version=&#8220;4.27.4&#8243; _module_preset=&#8220;default&#8220; caption_text_color=&#8220;#FFFFFF&#8220; caption_font_size=&#8220;18px&#8220; global_colors_info=&#8220;{}&#8220; overlay_bg_color__hover_enabled=&#8220;on|hover&#8220; overlay_bg_color__hover=&#8220;rgba(33,52,101,0.8)&#8220; overlay_bg_enable_color__hover=&#8220;on&#8220;][\/dipi_masonry_gallery][\/et_pb_column][\/et_pb_row][\/et_pb_section]<\/p>\n","protected":false},"excerpt":{"rendered":"<p><div class=\"et_pb_module dipi_breadcrumbs dipi_breadcrumbs_0\">\n\t\t\t\t\n\t\t\t\t\n\t\t\t\t\n\t\t\t\t\n\t\t\t\t\n\t\t\t\t\n\t\t\t\t<div class=\"et_pb_module_inner\">\n\t\t\t\t\t<div class=\"dipi-breadcrumbs dipi-bc-center\">\n                <ul itemscope itemtype=\"https:\/\/schema.org\/BreadcrumbList\">\n                    \n                                                        <li itemprop=\"itemListElement\" itemscope itemtype=\"https:\/\/schema.org\/ListItem\" class=\"dipi-breadcrumb-item dipi-breadcrumb-home\">\n\n                                                    <a itemprop=\"item\" href=\"https:\/\/www.sepawa.com\/congress\">\n                                <span itemprop=\"name\" content=\"Home\">\n                                                                        SEPAWA CONGRESS                                <\/span>\n                            <\/a>\n\n                                                <meta itemprop=\"position\" content=\"1\"\/>                    <\/li>\n\n                    <li class=\"dipi-breadcrumb-separator\">\n                    <span class=\"et-pb-icon dipi-separator-icon\">&#x45;<\/span>\n                <\/li>                            \n                <\/ul>\n            <\/div>\n\t\t\t\t<\/div>\n\t\t\t<\/div>FestvortragJedes Jahr pr\u00e4sentieren wir eine namhafte Pers\u00f6nlichkeit aus Wissenschaft, Gesellschaft, Wirtschaft, Politik oder Sport als Sprecher auf dem SEPAWA CONGRESS. Ob aktuelle Themen oder Dauerbrenner, interessant wird es auf jeden Fall.<div class=\"et_pb_module dipi_text_highlighter dipi_text_highlighter_0\">\n\t\t\t\t\n\t\t\t\t\n\t\t\t\t\n\t\t\t\t\n\t\t\t\t\n\t\t\t\t\n\t\t\t\t<div class=\"et_pb_module_inner\">\n\t\t\t\t\t<h2 class=\"dipi-highlight-text-wrapper\" data-config=\"{&quot;animation_start&quot;:&quot;in_a_viewport&quot;,&quot;animation_start_viewport&quot;:&quot;75%&quot;,&quot;animation_delay&quot;:&quot;0ms&quot;,&quot;animation_duration&quot;:&quot;800ms&quot;,&quot;delay_after_animation&quot;:&quot;3000ms&quot;,&quot;repeat_mode&quot;:&quot;infinite&quot;,&quot;count_mode&quot;:&quot;everytime_in_viewport&quot;,&quot;animation_repeat_counts&quot;:&quot;3&quot;,&quot;reverse_animation&quot;:&quot;off&quot;,&quot;id&quot;:&quot;dipi_text_highlighter_0_wrapper&quot;}\">\n\t\t\t\t\t<span class=\"dipi-text-highlight-wrapper {&quot;animation_start&quot;:&quot;in_a_viewport&quot;,&quot;animation_start_viewport&quot;:&quot;75%&quot;,&quot;animation_delay&quot;:&quot;0ms&quot;,&quot;animation_duration&quot;:&quot;800ms&quot;,&quot;delay_after_animation&quot;:&quot;3000ms&quot;,&quot;repeat_mode&quot;:&quot;infinite&quot;,&quot;count_mode&quot;:&quot;everytime_in_viewport&quot;,&quot;animation_repeat_counts&quot;:&quot;3&quot;,&quot;reverse_animation&quot;:&quot;off&quot;,&quot;id&quot;:&quot;dipi_text_highlighter_0_wrapper&quot;}\"><span class=\"dipi-text-highlight-text dipi-text-highlight-text\">&#8220;Matthias<\/span><span class=\"dipi-text-highlight-svg\"><svg xmlns=\"http:\/\/www.w3.org\/2000\/svg\" viewBox=\"0 0 500 150\" preserveAspectRatio=\"none\"><path d=\"M7.7,145.6C109,125,299.9,116.2,401,121.3c42.1,2.2,87.6,11.8,87.3,25.7\"><\/path><\/svg><\/span><\/span>\n\t\t\t<\/h2>\n\t\t\t\t<\/div>\n\t\t\t<\/div><\/p>\n","protected":false},"author":1,"featured_media":0,"parent":4697,"menu_order":0,"comment_status":"closed","ping_status":"closed","template":"","meta":{"_acf_changed":false,"_et_pb_use_builder":"on","_et_pb_old_content":"<!-- wp:paragraph -->\r\n<p>Dies ist eine Beispiel-Seite. Sie unterscheidet sich von Beitr\u00e4gen, da sie stets an derselben Stelle bleibt und (bei den meisten Themes) in der Website-Navigation angezeigt wird. Die meisten starten mit einem Impressum, der Datenschutzerkl\u00e4rung oder einer \u201e\u00dcber\u00a0uns\u201c-Seite, um sich potenziellen Besuchern der Website vorzustellen. Dort k\u00f6nnte zum Beispiel stehen:<\/p>\r\n<!-- \/wp:paragraph -->\r\n\r\n<!-- wp:quote -->\r\n<blockquote class=\"wp-block-quote\"><p>Hallo! Tags\u00fcber arbeite ich als Fahrradkurier, nachts bin ich ein aufstrebender Schauspieler und dies hier ist meine Website. Ich lebe in Berlin, habe einen gro\u00dfen Hund namens Jack, mag Pi\u00f1a Coladas, jedoch weniger (ohne Schirm) im Regen stehen gelassen zu werden.<\/p><\/blockquote>\r\n<!-- \/wp:quote -->\r\n\r\n<!-- wp:paragraph -->\r\n<p>...\u00a0oder so etwas wie:<\/p>\r\n<!-- \/wp:paragraph -->\r\n\r\n<!-- wp:quote -->\r\n<blockquote class=\"wp-block-quote\"><p>Das Unternehmen XYZ wurde 1971 gegr\u00fcndet und versorgt die \u00d6ffentlichkeit seither mit qualitativ hochwertigen Produkten. An seinem Standort in einer kleinen Gro\u00dfstadt besch\u00e4ftigt der Betrieb \u00fcber 2.000 Menschen und unterst\u00fctzt die Stadtbewohner in vielfacher Hinsicht.<\/p><\/blockquote>\r\n<!-- \/wp:quote -->\r\n\r\n<!-- wp:paragraph -->\r\n<p>Als neuer WordPress-Benutzer solltest du <a href=\"https:\/\/www.sepawa.com\/congress\/wp-admin\/\">dein Dashboard<\/a> aufrufen, um diese Seite zu l\u00f6schen und neue Seiten und Beitr\u00e4ge f\u00fcr deine Website erstellen. Viel Spa\u00df!<\/p>\r\n<!-- \/wp:paragraph -->","_et_gb_content_width":"","footnotes":""},"dipi_cpt_category":[],"class_list":["post-1671","page","type-page","status-publish","hentry"],"acf":[],"_links":{"self":[{"href":"https:\/\/www.sepawa.com\/congress\/wp-json\/wp\/v2\/pages\/1671","targetHints":{"allow":["GET"]}}],"collection":[{"href":"https:\/\/www.sepawa.com\/congress\/wp-json\/wp\/v2\/pages"}],"about":[{"href":"https:\/\/www.sepawa.com\/congress\/wp-json\/wp\/v2\/types\/page"}],"author":[{"embeddable":true,"href":"https:\/\/www.sepawa.com\/congress\/wp-json\/wp\/v2\/users\/1"}],"replies":[{"embeddable":true,"href":"https:\/\/www.sepawa.com\/congress\/wp-json\/wp\/v2\/comments?post=1671"}],"version-history":[{"count":0,"href":"https:\/\/www.sepawa.com\/congress\/wp-json\/wp\/v2\/pages\/1671\/revisions"}],"up":[{"embeddable":true,"href":"https:\/\/www.sepawa.com\/congress\/wp-json\/wp\/v2\/pages\/4697"}],"wp:attachment":[{"href":"https:\/\/www.sepawa.com\/congress\/wp-json\/wp\/v2\/media?parent=1671"}],"wp:term":[{"taxonomy":"dipi_cpt_category","embeddable":true,"href":"https:\/\/www.sepawa.com\/congress\/wp-json\/wp\/v2\/dipi_cpt_category?post=1671"}],"curies":[{"name":"wp","href":"https:\/\/api.w.org\/{rel}","templated":true}]}}